{"id":793,"date":"2021-09-23T18:30:23","date_gmt":"2021-09-23T16:30:23","guid":{"rendered":"https:\/\/ishtc.formanet-tn.com\/?page_id=793"},"modified":"2025-02-13T12:31:26","modified_gmt":"2025-02-13T11:31:26","slug":"notre-mission","status":"publish","type":"page","link":"https:\/\/ishtc.formanet-tn.com\/en\/notre-mission\/","title":{"rendered":"Notre Mission"},"content":{"rendered":"<div class=\"vc_row wpb_row vc_row-fluid\"><\/div><div class=\"vc_row wpb_row vc_row-fluid\"><\/div><div class=\"vc_row wpb_row vc_row-fluid\"><div class=\"wpb_column vc_column_container vc_col-sm-12\"><div class=\"vc_column-inner\"><div class=\"wpb_wrapper\">\t\t<ul class=\"mega-info-list\" style=\"list-style-type: none; height: 100%;\">\r\n\t\t\t<div class=\"vc_info_list_outer\">\r\n\t\t\t\t\t\t    \t\r\n\t\t    \t<li class=\"vc_info_list\" style=\"padding-bottom: 30px;border-left: 3px dotted #000;margin-left: 40px;float: none;margin-bottom: 2px\">\r\n\t\t\t      \t<div class=\"media\">\r\n\t\t\t\t\t  <div class=\"media-left info-list-img\" style=\"margin-left: -40px;padding-right: 20px;float: left\">\r\n\t\t\t\t\t    \t\t\t\t        \t\t\t\t        <div style=\"border: 0px solid;border-radius: 50%;background: #fff\">\r\n\t\t\t\t\t        <span style=\"width: 80px;height: 80px;border-radius: 50%;text-align: center\">\r\n\t\t\t\t\t\t    \t<span style=\"vertical-align: middle !important\">\r\n\t\t\t\t\t\t        \r\n\t\t\t\t\t\t        \t<i class=\"fas fa-angle-double-right\" aria-hidden=\"true\" style=\"font-size: 30px;color: #b28d6f\"><\/i>\r\n\t\t\t\t\t       \t \t\r\n\t\t\t\t\t       \t \t<\/span>\r\n\t\t\t\t\t\t  \t<\/span>\r\n\t\t\t\t\t\t<\/div>\r\n\t\t\t\t\t\t\t\t\t\t\t  <\/div>\r\n\t\t\t\t  \t  <div class=\"media-body\">\r\n\t\t\t\t    \t<h2 style=\"font-size: 18px;color: #000000;font-style: default;line-height:\">\r\n\t\t\t\t    \t\t\u00e9tudes et recherches\t\t\t\t    \t<\/h2>\r\n\t\t\t\t    \t\t<ul>\n<li>Effectuer des \u00e9tudes concernant l\u2019histoire du mouvement national et de la Tunisie contemporaine de mani\u00e8re g\u00e9n\u00e9rale .<\/li>\n<li>Organiser des rencontres scientifiques .<\/li>\n<li>Organiser des stages de formation et des s\u00e9minaires de recherche m\u00e9thodologique.<\/li>\n<\/ul>\n\t\t\t\t  \t\t<\/div>\r\n\t\t\t\t\t<\/div>\r\n\t\t    \t<\/li>\r\n\t\t\t\r\n\t\t\t\t\r\n\t\t<\/div>\r\n\r\n\t\t\t\t<div class=\"vc_info_list_outer\">\r\n\t\t\t\t\t\t    \t\r\n\t\t    \t<li class=\"vc_info_list\" style=\"padding-bottom: 30px;border-left: 3px dotted #000;margin-left: 40px;float: none;margin-bottom: 2px\">\r\n\t\t\t      \t<div class=\"media\">\r\n\t\t\t\t\t  <div class=\"media-left info-list-img\" style=\"margin-left: -40px;padding-right: 20px;float: left\">\r\n\t\t\t\t\t    \t\t\t\t        \t\t\t\t        <div style=\"border: 0px solid;border-radius: 50%;background: #fff\">\r\n\t\t\t\t\t        <span style=\"width: 80px;height: 80px;border-radius: 50%;text-align: center\">\r\n\t\t\t\t\t\t    \t<span style=\"vertical-align: middle !important\">\r\n\t\t\t\t\t\t        \r\n\t\t\t\t\t\t        \t<i class=\"fas fa-angle-double-right\" aria-hidden=\"true\" style=\"font-size: 30px;color: #b28d6f\"><\/i>\r\n\t\t\t\t\t       \t \t\r\n\t\t\t\t\t       \t \t<\/span>\r\n\t\t\t\t\t\t  \t<\/span>\r\n\t\t\t\t\t\t<\/div>\r\n\t\t\t\t\t\t\t\t\t\t\t  <\/div>\r\n\t\t\t\t  \t  <div class=\"media-body\">\r\n\t\t\t\t    \t<h2 style=\"font-size: 18px;color: #000000;font-style: default;line-height:\">\r\n\t\t\t\t    \t\tmise en valeur du patrimoine du mouvement national et histoire de la Tunisie contemporaine\t\t\t\t    \t<\/h2>\r\n\t\t\t\t    \t\t<ul>\n<li>Entretenir les sites, monuments et mus\u00e9es confi\u00e9s \u00e0 l&rsquo;Institut et li\u00e9s au mouvement national .<\/li>\n<li>D\u00e9velopper et faire progresser la coop\u00e9ration entre l&rsquo;Institut et d&rsquo;autres institutions de recherche .<\/li>\n<li>Collecter des objets \u00e0 caract\u00e8re historique, les conserver et les exposer dans les mus\u00e9es confi\u00e9s \u00e0 l&rsquo;Institut.<\/li>\n<\/ul>\n\t\t\t\t  \t\t<\/div>\r\n\t\t\t\t\t<\/div>\r\n\t\t    \t<\/li>\r\n\t\t\t\r\n\t\t\t\t\r\n\t\t<\/div>\r\n\r\n\t\t\t\t<div class=\"vc_info_list_outer\">\r\n\t\t\t\t\t\t    \t\r\n\t\t    \t<li class=\"vc_info_list\" style=\"padding-bottom: 30px;border-left: 3px dotted #000;margin-left: 40px;float: none;margin-bottom: 2px\">\r\n\t\t\t      \t<div class=\"media\">\r\n\t\t\t\t\t  <div class=\"media-left info-list-img\" style=\"margin-left: -40px;padding-right: 20px;float: left\">\r\n\t\t\t\t\t    \t\t\t\t        \t\t\t\t        <div style=\"border: 0px solid;border-radius: 50%;background: #fff\">\r\n\t\t\t\t\t        <span style=\"width: 80px;height: 80px;border-radius: 50%;text-align: center\">\r\n\t\t\t\t\t\t    \t<span style=\"vertical-align: middle !important\">\r\n\t\t\t\t\t\t        \r\n\t\t\t\t\t\t        \t<i class=\"fas fa-angle-double-right\" aria-hidden=\"true\" style=\"font-size: 30px;color: #b28d6f\"><\/i>\r\n\t\t\t\t\t       \t \t\r\n\t\t\t\t\t       \t \t<\/span>\r\n\t\t\t\t\t\t  \t<\/span>\r\n\t\t\t\t\t\t<\/div>\r\n\t\t\t\t\t\t\t\t\t\t\t  <\/div>\r\n\t\t\t\t  \t  <div class=\"media-body\">\r\n\t\t\t\t    \t<h2 style=\"font-size: 18px;color: #000000;font-style: default;line-height:\">\r\n\t\t\t\t    \t\tdocumentation sur l\u2019Histoire de la Tunisie contemporaine\t\t\t\t    \t<\/h2>\r\n\t\t\t\t    \t\t<ul>\n<li>Rassembler\u00a0 les donn\u00e9es et les informations li\u00e9es \u00e0 l&rsquo;histoire du mouvement national et \u00e0 l&rsquo;histoire contemporaine de la Tunisie\u00a0 et ce, notamment par la reproduction\u00a0 des documents \u00e0 l\u2019effet d\u2019en assurer l\u2019exploitation scientifique .<\/li>\n<li>Codifier l&rsquo;histoire contemporaine verbale\u00a0 de la Tunisie\u00a0 contemporaine en enregistrant des t\u00e9moignages et les mettre \u00e0 la disposition du public tout en travaillant \u00e0 faciliter leur exploitation scientifique .<\/li>\n<li>Rassembler\u00a0 des sources, r\u00e9f\u00e9rences et \u00e9tudes li\u00e9es \u00e0 l&rsquo;histoire contemporaine de la Tunisie et \u00e0 toutes les formes de r\u00e9sistance au colonialisme.<\/li>\n<\/ul>\n\t\t\t\t  \t\t<\/div>\r\n\t\t\t\t\t<\/div>\r\n\t\t    \t<\/li>\r\n\t\t\t\r\n\t\t\t\t\r\n\t\t<\/div>\r\n\r\n\t\t\t\t<div class=\"vc_info_list_outer\">\r\n\t\t\t\t\t\t    \t\r\n\t\t    \t<li class=\"vc_info_list\" style=\"padding-bottom: 30px;border-left: 3px dotted #000;margin-left: 40px;float: none;margin-bottom: 2px\">\r\n\t\t\t      \t<div class=\"media\">\r\n\t\t\t\t\t  <div class=\"media-left info-list-img\" style=\"margin-left: -40px;padding-right: 20px;float: left\">\r\n\t\t\t\t\t    \t\t\t\t        \t\t\t\t        <div style=\"border: 0px solid;border-radius: 50%;background: #fff\">\r\n\t\t\t\t\t        <span style=\"width: 80px;height: 80px;border-radius: 50%;text-align: center\">\r\n\t\t\t\t\t\t    \t<span style=\"vertical-align: middle !important\">\r\n\t\t\t\t\t\t        \r\n\t\t\t\t\t\t        \t<i class=\"fas fa-angle-double-right\" aria-hidden=\"true\" style=\"font-size: 30px;color: #b28d6f\"><\/i>\r\n\t\t\t\t\t       \t \t\r\n\t\t\t\t\t       \t \t<\/span>\r\n\t\t\t\t\t\t  \t<\/span>\r\n\t\t\t\t\t\t<\/div>\r\n\t\t\t\t\t\t\t\t\t\t\t  <\/div>\r\n\t\t\t\t  \t  <div class=\"media-body\">\r\n\t\t\t\t    \t<h2 style=\"font-size: 18px;color: #000000;font-style: default;line-height:\">\r\n\t\t\t\t    \t\tm\u00e9diatisation et mise en visibilit\u00e9 de la production scientifique de l\u2019Institut\t\t\t\t    \t<\/h2>\r\n\t\t\t\t    \t\t<ul>\n<li>Informer les r\u00e9sultats des recherches et des travaux des colloques et les publier dans l&rsquo;intention de les exploiter \u00e0 la plus large \u00e9chelle et de les rendre accessibles au public.<\/li>\n<li>Participer \u00e0 la pr\u00e9paration des dossiers et manuels scolaires concernant l&rsquo;histoire contemporaine de la Tunisie.<\/li>\n<li>Publier des p\u00e9riodiques sp\u00e9cialis\u00e9s.<\/li>\n<\/ul>\n\t\t\t\t  \t\t<\/div>\r\n\t\t\t\t\t<\/div>\r\n\t\t    \t<\/li>\r\n\t\t\t\r\n\t\t\t\t\r\n\t\t<\/div>\n\t\t<\/ul>\r\n\r\n\t\t<\/div><\/div><\/div><\/div><div data-vc-full-width=\"true\" data-vc-full-width-init=\"false\" data-vc-stretch-content=\"true\" class=\"vc_row wpb_row vc_row-fluid\"><div class=\"wpb_column vc_column_container vc_col-sm-12\"><div class=\"vc_column-inner\"><div class=\"wpb_wrapper\">\r\n<!-- course Progress  __________________________ -->\r\n<div class=\"course-progress mFix\" style=\"background-image:url('https:\/\/ishtc.formanet-tn.com\/wp-content\/uploads\/2017\/01\/5.jpg')\">\r\n    <div class=\"opacity\">\r\n        <div class=\"container\">\r\n            <h2>ISHTC <span class=\"p-color\">NOS CHIFFRES CL\u00c9S<\/span><\/h2>\r\n            <p>Notre institut a pu r\u00e9alis\u00e9 depuis sa cr\u00e9ation<\/p>\r\n            <h6>dans plusieurs activit\u00e9s<\/h6>\r\n\r\n            <div class=\"row\">\r\n                \r\n\t\t\t\t                <div class=\"col-lg-3 col-md-3 col-sm-6 col-xs-6\">\r\n                    <div class=\"icon\"> <i class=\"ficon flaticon-crowdfunding\"><\/i> <\/div>\r\n                    <p>Le fonds de microfilms<\/p>\r\n                    <div class=\"number\"><span class=\"timer\" data-from=\"0\" data-to=\"3336\" data-speed=\"1500\" data-refresh-interval=\"5\">3336<\/span><\/div>\r\n                <\/div>\r\n                                <div class=\"col-lg-3 col-md-3 col-sm-6 col-xs-6\">\r\n                    <div class=\"icon\"> <i class=\"ficon flaticon-teamwork\"><\/i> <\/div>\r\n                    <p>FONDS SONORE ET EN IMAGE<\/p>\r\n                    <div class=\"number\"><span class=\"timer\" data-from=\"0\" data-to=\"350\" data-speed=\"1500\" data-refresh-interval=\"5\">350<\/span><\/div>\r\n                <\/div>\r\n                                <div class=\"col-lg-3 col-md-3 col-sm-6 col-xs-6\">\r\n                    <div class=\"icon\"> <i class=\"ficon flaticon-medical\"><\/i> <\/div>\r\n                    <p>Chercheurs<\/p>\r\n                    <div class=\"number\"><span class=\"timer\" data-from=\"0\" data-to=\"13\" data-speed=\"1500\" data-refresh-interval=\"5\">13<\/span><\/div>\r\n                <\/div>\r\n                                <div class=\"col-lg-3 col-md-3 col-sm-6 col-xs-6\">\r\n                    <div class=\"icon\"> <i class=\"ficon flaticon-book\"><\/i> <\/div>\r\n                    <p>Ouvrages<\/p>\r\n                    <div class=\"number\"><span class=\"timer\" data-from=\"0\" data-to=\"8500\" data-speed=\"1500\" data-refresh-interval=\"5\">8500<\/span><\/div>\r\n                <\/div>\r\n                                \r\n            <\/div> <!-- \/.row -->\r\n        <\/div> <!-- \/.container -->\r\n    <\/div> <!-- \/.opacity -->\r\n<\/div>\r\n\r\n<\/div><\/div><\/div><\/div><div class=\"vc_row-full-width vc_clearfix\"><\/div>","protected":false},"excerpt":{"rendered":"\u00e9tudes et recherches Effectuer des \u00e9tudes concernant l\u2019histoire du mouvement national et de la Tunisie contemporaine de mani\u00e8re g\u00e9n\u00e9rale . Organiser des rencontres scientifiques . Organiser des stages de formation et des s\u00e9minaires de recherche m\u00e9thodologique. mise en valeur du patrimoine du mouvement national et histoire de la Tunisie contemporaine Entretenir les sites, monuments et","protected":false},"author":1,"featured_media":0,"parent":0,"menu_order":0,"comment_status":"closed","ping_status":"closed","template":"","meta":{"footnotes":""},"class_list":["post-793","page","type-page","status-publish","hentry"],"_links":{"self":[{"href":"https:\/\/ishtc.formanet-tn.com\/en\/wp-json\/wp\/v2\/pages\/793","targetHints":{"allow":["GET"]}}],"collection":[{"href":"https:\/\/ishtc.formanet-tn.com\/en\/wp-json\/wp\/v2\/pages"}],"about":[{"href":"https:\/\/ishtc.formanet-tn.com\/en\/wp-json\/wp\/v2\/types\/page"}],"author":[{"embeddable":true,"href":"https:\/\/ishtc.formanet-tn.com\/en\/wp-json\/wp\/v2\/users\/1"}],"replies":[{"embeddable":true,"href":"https:\/\/ishtc.formanet-tn.com\/en\/wp-json\/wp\/v2\/comments?post=793"}],"version-history":[{"count":32,"href":"https:\/\/ishtc.formanet-tn.com\/en\/wp-json\/wp\/v2\/pages\/793\/revisions"}],"predecessor-version":[{"id":2571,"href":"https:\/\/ishtc.formanet-tn.com\/en\/wp-json\/wp\/v2\/pages\/793\/revisions\/2571"}],"wp:attachment":[{"href":"https:\/\/ishtc.formanet-tn.com\/en\/wp-json\/wp\/v2\/media?parent=793"}],"curies":[{"name":"wp","href":"https:\/\/api.w.org\/{rel}","templated":true}]}}