{"id":751,"date":"2021-09-23T13:38:14","date_gmt":"2021-09-23T11:38:14","guid":{"rendered":"https:\/\/ishtc.formanet-tn.com\/?page_id=751"},"modified":"2021-11-05T18:03:15","modified_gmt":"2021-11-05T17:03:15","slug":"moncef-bani","status":"publish","type":"page","link":"https:\/\/ishtc.formanet-tn.com\/en\/moncef-bani\/","title":{"rendered":"Moncef Bani"},"content":{"rendered":"<div class=\"vc_row wpb_row vc_row-fluid\"><div class=\"wpb_column vc_column_container vc_col-sm-12\"><div class=\"vc_column-inner\"><div class=\"wpb_wrapper\">\r\n<!-- Teacher Profile Page  ___________________ -->\r\n<div class=\"teacher-profile\">\r\n    <div class=\"container\">\r\n        <div class=\"row\">\r\n            <div class=\"col-lg-8 col-md-8 col-sm-12 col-xs-12 float-right\">\r\n                <div class=\"text-warpper\">\r\n                    <h4>Sp\u00e9cialit\u00e9<\/h4>\r\n                    <p class=\"mmfix\">Histoire contemporaine<\/p>\r\n                    <div class=\"row mar35\">\r\n                        <div class=\"col-lg-12 col-md-12 col-sm-6 col-xs-12\">\r\n                            <h4>Axes de recherche<\/h4>\r\n                            <p>Les \u00e9lites sociales en Tunisie Contemporaine et au temps pr\u00e9sent<\/p>\r\n                            <ul>\r\n                            \t\t\t\t\t\t\t\t\t\t                                    <li><i class=\"fa fa-pencil\" aria-hidden=\"true\"><\/i><\/p><\/li>\r\n                                                                        <li><i class=\"fa fa-pencil\" aria-hidden=\"true\"><\/i><h4>Quelques publications<\/h4><\/li>\r\n                                                                        <li><i class=\"fa fa-pencil\" aria-hidden=\"true\"><\/i><ul><\/li>\r\n                                                                        <li><i class=\"fa fa-pencil\" aria-hidden=\"true\"><\/i><li>- Le minist\u00e8re et les ministres en Tunisie \u00e0 l'\u00e9poque du protectorat fran\u00e7ais (1881-1956), Institut sup\u00e9rieur d'histoire du mouvement national, Tunisie, 2012<\/li><\/li>\r\n                                                                        <li><i class=\"fa fa-pencil\" aria-hidden=\"true\"><\/i><li>- Abdel-Jalil Al-Zawish (1873-1947), La lutte et son impact, n\u00b0 6, Institut sup\u00e9rieur d'histoire contemporaine de Tunisie, Tunisie, 2014.<\/li><\/li>\r\n                                                                        <li><i class=\"fa fa-pencil\" aria-hidden=\"true\"><\/i><li>- L'\u00e9lite tunisienne de la r\u00e9alit\u00e9 de la tyrannie \u00e0 la r\u00e9volution (1987-2011), Institut sup\u00e9rieur d'histoire contemporaine de Tunisie, Tunisie, 2015.<\/li><\/li>\r\n                                                                        <li><i class=\"fa fa-pencil\" aria-hidden=\"true\"><\/i><li>- La soci\u00e9t\u00e9 civile en Tunisie (1881-1956) : Les associations \u00e0 titre d'exemple, Facult\u00e9 des sciences humaines et sociales de Tunis - Laboratoire d'histoire de l'\u00e9conomie m\u00e9diterran\u00e9enne et de ses soci\u00e9t\u00e9s, Dar Al Masira pour l'\u00e9dition et la diffusion, Tunisie, 2018.<\/li><\/li>\r\n                                                                        <li><i class=\"fa fa-pencil\" aria-hidden=\"true\"><\/i><li>- (Collectif) : La R\u00e9volution tunisienne \u00e0 travers les documents (coordonn\u00e9 par le professeur Amira Alia Al-Saghir), Publications de l'Institut sup\u00e9rieur d'histoire du mouvement national, 2012.<\/li><\/li>\r\n                                                                        <li><i class=\"fa fa-pencil\" aria-hidden=\"true\"><\/i><li>(Collectif) : Essais politiques en Tunisie (1956-2011), Institut sup\u00e9rieur d'histoire contemporaine de Tunisie, Tunisie, 2014 (coordonn\u00e9 par le professeur Amira Alia Saghir)<\/li><\/li>\r\n                                                                        <li><i class=\"fa fa-pencil\" aria-hidden=\"true\"><\/i><li>- (Collectif) : Sites nationaux de m\u00e9moire (Tunisie 1881-2014), Centre d'\u00e9dition universitaire - Institut sup\u00e9rieur d'histoire contemporaine de Tunisie, Tunisie, 2018 (coordonn\u00e9 par le professeur Amira Alia Saghir)<\/li><\/li>\r\n                                                                        <li><i class=\"fa fa-pencil\" aria-hidden=\"true\"><\/i><li>\u00ab M\u00e9canismes de gouvernance en Tunisie entre 1987 et 2011 \u00bb, Colloque R\u00e9volutions, comparaisons et comparaisons (19e-21e si\u00e8cle), Manouba, 17-19 janvier 2013, Tunis, 2014, pp. 65-80.<\/li><\/li>\r\n                                                                        <li><i class=\"fa fa-pencil\" aria-hidden=\"true\"><\/i><li>\u00ab Le recrutement forc\u00e9 d'\u00e9tudiants au milieu des ann\u00e9es 80 : l'exp\u00e9rience du r\u00e9gime Maatouk \u00bb, Violations des droits humains en Tunisie 1956-2013, Entre m\u00e9moire et histoire, Magharebia pour l'impression et l'\u00e9dition de livres, Tunisie, 2014, pp. 169-181.<\/li><\/li>\r\n                                                                        <li><i class=\"fa fa-pencil\" aria-hidden=\"true\"><\/i><li>-BANI (M.), La cour beylicale entre loyaut\u00e9 et intrigues : l\u2019exemple de Slim Dziri (1929-1935), in. Revue d\u2019Histoire Maghr\u00e9bine, n\u00b0, 154\/155, 2014, pp. 21-47.<\/li><\/li>\r\n                                                                        <li><i class=\"fa fa-pencil\" aria-hidden=\"true\"><\/i><li>``La jeunesse tunisienne et l'exercice du pouvoir : Abdeljalil Al-Zawish, Qaid Sousse en exemple (1917-1934), Rawafed Magazine, Institut sup\u00e9rieur d'histoire de la Tunisie contemporaine, Universit\u00e9 de la Manouba, n\u00b018, 2013, pp. 143-172 .<\/li><\/li>\r\n                                                                        <li><i class=\"fa fa-pencil\" aria-hidden=\"true\"><\/i><li>\u00ab L'\u00e9lite tunisienne et la r\u00e9volution de 2011 \u00bb, hommage au professeur Hussein Raouf Hamza, laboratoire \u00ab Histoire de l'\u00e9conomie m\u00e9diterran\u00e9enne et de ses soci\u00e9t\u00e9s \u00bb, Facult\u00e9 des sciences humaines et sociales, Tunis, 2016, pp. 109-132.<\/li><\/li>\r\n                                                                        <li><i class=\"fa fa-pencil\" aria-hidden=\"true\"><\/i><li>\u00ab La Tunisie si\u00e8ge de la Ligue des \u00c9tats arabes (1979-1990) \u00bb, Revue historique du Maghreb, n\u00b0 70, 2018, pp. 139-160.<\/li><\/li>\r\n                                                                        <li><i class=\"fa fa-pencil\" aria-hidden=\"true\"><\/i><li>-\u00ab L\u2019Union G\u00e9n\u00e9rale du Travail et la question de l\u2019enseignement de la fondation \u00e0 2015 \u00bb, in. Revue d\u2019Histoire Maghr\u00e9bine, n\u00b0, 170, 2018, pp. 149-177.<\/li><\/li>\r\n                                                                        <li><i class=\"fa fa-pencil\" aria-hidden=\"true\"><\/i><li>-\u00ab Minist\u00e9riat en Tunisie: entre rupture et continuit\u00e9 (1956-1969)\u00bb, in. Rawafid, n\u00b0, 25, d\u00e9cembre, 2020.<\/li><\/li>\r\n                                                                        <li><i class=\"fa fa-pencil\" aria-hidden=\"true\"><\/i><\/ul><\/li>\r\n                                                                        <li><i class=\"fa fa-pencil\" aria-hidden=\"true\"><\/i><p><\/li>\r\n                                                                <\/ul>\r\n                        <\/div> <!-- \/.col- -->\r\n\r\n                    <\/div>\r\n                <\/div> <!-- \/.text-wrapper -->\r\n            <\/div>\r\n\r\n            <div class=\"col-lg-4 col-md-4 col-sm-12 col-xs-12 teacher-sidebar float-left wow fadeInUp\">\r\n                <div class=\"img-holder theme-bg-color\"><img decoding=\"async\" src=\"https:\/\/ishtc.formanet-tn.com\/wp-content\/uploads\/2021\/08\/MONCEF-BANI.jpg\" alt=\"Teacher\"><\/div>\r\n                <div class=\"teachers-bio p-color-bg\">\r\n                    <h6><\/h6>\r\n                    <p><i class=\"fa fa-pencil-square-o\" aria-hidden=\"true\"><\/i> Histoire contemporaine<\/p>\r\n                    <p><i class=\"fa fa-graduation-cap\" aria-hidden=\"true\"><\/i>Ma\u00eetre de conf\u00e9rence<\/p>\r\n                    <p><i class=\"fa fa-envelope-o\" aria-hidden=\"true\"><\/i> <a href=\"mailto:moncef.bani@ishtc.uma.tn\">moncef.bani@ishtc.uma.tn<\/a><\/p>\r\n                    <p><i class=\"fa fa-phone\" aria-hidden=\"true\"><\/i> <a href=\"Tel:+216 71 600 950\">+216 71 600 950<\/a><\/p>\r\n                    <p><i class=\"fa fa-location-arrow\" aria-hidden=\"true\"><\/i> <a href=\"\"><\/a><\/p>\r\n\r\n                    <ul>\r\n                        <li><a href=\"\" class=\"tran3s round-border icon\"><i class=\"fa fa-facebook\" aria-hidden=\"true\"><\/i><\/a><\/li>\r\n                        <li><a href=\"\" class=\"tran3s round-border icon\"><i class=\"fa fa-twitter\" aria-hidden=\"true\"><\/i><\/a><\/li>\r\n                        <li><a href=\"\" class=\"tran3s round-border icon\"><i class=\"fa fa-google-plus\" aria-hidden=\"true\"><\/i><\/a><\/li>\r\n                        <li><a href=\"\" class=\"tran3s round-border icon\"><i class=\"fa fa-pinterest\" aria-hidden=\"true\"><\/i><\/a><\/li>\r\n                    <\/ul>\r\n                <\/div> <!-- \/.teachers-bio -->\r\n            <\/div> <!-- \/.teacher-sidebar -->\r\n        <\/div> <!-- \/.row -->\r\n    <\/div> <!-- \/.container -->\r\n<\/div>\r\n\r\n<\/div><\/div><\/div><\/div><div class=\"vc_row wpb_row vc_row-fluid\"><div class=\"wpb_column vc_column_container vc_col-sm-12\"><div class=\"vc_column-inner\"><div class=\"wpb_wrapper\">   \r\n   \r\n\r\n<div class=\"our-teacher wow fadeInUp mar-bt\">\r\n    <div class=\"container\">\r\n                \t<h4>Nos chercheurs<\/h4>\r\n            <p><\/p>\r\n                <div class=\"row\">\r\n            <div class=\"theme-slider\">\r\n                                <div class=\"item\">\r\n                    <div class=\"item-wrapper theme-bg-color tran3s hvr-float-shadow\">\r\n                        <div class=\"img-holder round-border\">\r\n                            <img loading=\"lazy\" decoding=\"async\" width=\"230\" height=\"230\" src=\"https:\/\/ishtc.formanet-tn.com\/wp-content\/uploads\/2021\/08\/khaled_abid-230x230.jpg\" class=\"attachment-edutech_230x230 size-edutech_230x230 wp-post-image\" alt=\"\" srcset=\"https:\/\/ishtc.formanet-tn.com\/wp-content\/uploads\/2021\/08\/khaled_abid-230x230.jpg 230w, https:\/\/ishtc.formanet-tn.com\/wp-content\/uploads\/2021\/08\/khaled_abid-150x150.jpg 150w, https:\/\/ishtc.formanet-tn.com\/wp-content\/uploads\/2021\/08\/khaled_abid-110x110.jpg 110w\" sizes=\"auto, (max-width: 230px) 100vw, 230px\" \/>                            <div class=\"overlay round-border tran4s\">\r\n                                                                <ul>\r\n                                                                            <li><a href=\"\/en\/abid-khaled\/\" class=\"tran3s round-border icon\"><i class=\"fa fa fa-envelope-o\" aria-hidden=\"true\"><\/i><\/a><\/li>\r\n                                                                    <\/ul>\r\n                                                            <\/div>\r\n                        <\/div> <!-- \/.img-holder -->\r\n                        <a href=\"\"><h6>Khaled Abid<\/h6><\/a>\r\n                        <p><\/p>\r\n                    <\/div>\r\n                <\/div>\r\n                                <div class=\"item\">\r\n                    <div class=\"item-wrapper theme-bg-color tran3s hvr-float-shadow\">\r\n                        <div class=\"img-holder round-border\">\r\n                            <img loading=\"lazy\" decoding=\"async\" width=\"230\" height=\"230\" src=\"https:\/\/ishtc.formanet-tn.com\/wp-content\/uploads\/2021\/08\/ali-ait-mihoub-230x230.jpg\" class=\"attachment-edutech_230x230 size-edutech_230x230 wp-post-image\" alt=\"\" srcset=\"https:\/\/ishtc.formanet-tn.com\/wp-content\/uploads\/2021\/08\/ali-ait-mihoub-230x230.jpg 230w, https:\/\/ishtc.formanet-tn.com\/wp-content\/uploads\/2021\/08\/ali-ait-mihoub-150x150.jpg 150w, https:\/\/ishtc.formanet-tn.com\/wp-content\/uploads\/2021\/08\/ali-ait-mihoub-110x110.jpg 110w\" sizes=\"auto, (max-width: 230px) 100vw, 230px\" \/>                            <div class=\"overlay round-border tran4s\">\r\n                                                                <ul>\r\n                                                                            <li><a href=\"\/en\/?page_id=546\" class=\"tran3s round-border icon\"><i class=\"fa fa fa-envelope-o\" aria-hidden=\"true\"><\/i><\/a><\/li>\r\n                                                                    <\/ul>\r\n                                                            <\/div>\r\n                        <\/div> <!-- \/.img-holder -->\r\n                        <a href=\"\"><h6>Ali Ait mihoub<\/h6><\/a>\r\n                        <p><\/p>\r\n                    <\/div>\r\n                <\/div>\r\n                                <div class=\"item\">\r\n                    <div class=\"item-wrapper theme-bg-color tran3s hvr-float-shadow\">\r\n                        <div class=\"img-holder round-border\">\r\n                            <img loading=\"lazy\" decoding=\"async\" width=\"230\" height=\"230\" src=\"https:\/\/ishtc.formanet-tn.com\/wp-content\/uploads\/2021\/08\/MONCEF-BANI-230x230.jpg\" class=\"attachment-edutech_230x230 size-edutech_230x230 wp-post-image\" alt=\"\" srcset=\"https:\/\/ishtc.formanet-tn.com\/wp-content\/uploads\/2021\/08\/MONCEF-BANI-230x230.jpg 230w, https:\/\/ishtc.formanet-tn.com\/wp-content\/uploads\/2021\/08\/MONCEF-BANI-150x150.jpg 150w, https:\/\/ishtc.formanet-tn.com\/wp-content\/uploads\/2021\/08\/MONCEF-BANI-110x110.jpg 110w\" sizes=\"auto, (max-width: 230px) 100vw, 230px\" \/>                            <div class=\"overlay round-border tran4s\">\r\n                                                                <ul>\r\n                                                                            <li><a href=\"\/en\/?page_id=751\" class=\"tran3s round-border icon\"><i class=\"fa fa fa-envelope-o\" aria-hidden=\"true\"><\/i><\/a><\/li>\r\n                                                                    <\/ul>\r\n                                                            <\/div>\r\n                        <\/div> <!-- \/.img-holder -->\r\n                        <a href=\"\"><h6>Moncef Bani<\/h6><\/a>\r\n                        <p><\/p>\r\n                    <\/div>\r\n                <\/div>\r\n                                <div class=\"item\">\r\n                    <div class=\"item-wrapper theme-bg-color tran3s hvr-float-shadow\">\r\n                        <div class=\"img-holder round-border\">\r\n                            <img loading=\"lazy\" decoding=\"async\" width=\"230\" height=\"230\" src=\"https:\/\/ishtc.formanet-tn.com\/wp-content\/uploads\/2021\/08\/adelmajid-belhadi-230x230.jpg\" class=\"attachment-edutech_230x230 size-edutech_230x230 wp-post-image\" alt=\"\" srcset=\"https:\/\/ishtc.formanet-tn.com\/wp-content\/uploads\/2021\/08\/adelmajid-belhadi-230x230.jpg 230w, https:\/\/ishtc.formanet-tn.com\/wp-content\/uploads\/2021\/08\/adelmajid-belhadi-150x150.jpg 150w, https:\/\/ishtc.formanet-tn.com\/wp-content\/uploads\/2021\/08\/adelmajid-belhadi-110x110.jpg 110w\" sizes=\"auto, (max-width: 230px) 100vw, 230px\" \/>                            <div class=\"overlay round-border tran4s\">\r\n                                                                <ul>\r\n                                                                            <li><a href=\"\/en\/?page_id=487\" class=\"tran3s round-border icon\"><i class=\"fa fa fa-envelope-o\" aria-hidden=\"true\"><\/i><\/a><\/li>\r\n                                                                    <\/ul>\r\n                                                            <\/div>\r\n                        <\/div> <!-- \/.img-holder -->\r\n                        <a href=\"\"><h6>Abdelmajid Belhedi<\/h6><\/a>\r\n                        <p><\/p>\r\n                    <\/div>\r\n                <\/div>\r\n                                <div class=\"item\">\r\n                    <div class=\"item-wrapper theme-bg-color tran3s hvr-float-shadow\">\r\n                        <div class=\"img-holder round-border\">\r\n                            <img loading=\"lazy\" decoding=\"async\" width=\"229\" height=\"230\" src=\"https:\/\/ishtc.formanet-tn.com\/wp-content\/uploads\/2021\/08\/ABDEJLIL-BOUGUERRA-229x230.jpg\" class=\"attachment-edutech_230x230 size-edutech_230x230 wp-post-image\" alt=\"\" srcset=\"https:\/\/ishtc.formanet-tn.com\/wp-content\/uploads\/2021\/08\/ABDEJLIL-BOUGUERRA-229x230.jpg 229w, https:\/\/ishtc.formanet-tn.com\/wp-content\/uploads\/2021\/08\/ABDEJLIL-BOUGUERRA-150x150.jpg 150w, https:\/\/ishtc.formanet-tn.com\/wp-content\/uploads\/2021\/08\/ABDEJLIL-BOUGUERRA-110x110.jpg 110w\" sizes=\"auto, (max-width: 229px) 100vw, 229px\" \/>                            <div class=\"overlay round-border tran4s\">\r\n                                                                <ul>\r\n                                                                            <li><a href=\"\/en\/?page_id=151\" class=\"tran3s round-border icon\"><i class=\"fa fa fa-envelope-o\" aria-hidden=\"true\"><\/i><\/a><\/li>\r\n                                                                    <\/ul>\r\n                                                            <\/div>\r\n                        <\/div> <!-- \/.img-holder -->\r\n                        <a href=\"\"><h6>Abdejlil Bouguerra<\/h6><\/a>\r\n                        <p><\/p>\r\n                    <\/div>\r\n                <\/div>\r\n                                <div class=\"item\">\r\n                    <div class=\"item-wrapper theme-bg-color tran3s hvr-float-shadow\">\r\n                        <div class=\"img-holder round-border\">\r\n                            <img loading=\"lazy\" decoding=\"async\" width=\"230\" height=\"230\" src=\"https:\/\/ishtc.formanet-tn.com\/wp-content\/uploads\/2021\/08\/Faysal-CHERIF-230x230.jpg\" class=\"attachment-edutech_230x230 size-edutech_230x230 wp-post-image\" alt=\"\" srcset=\"https:\/\/ishtc.formanet-tn.com\/wp-content\/uploads\/2021\/08\/Faysal-CHERIF-230x230.jpg 230w, https:\/\/ishtc.formanet-tn.com\/wp-content\/uploads\/2021\/08\/Faysal-CHERIF-150x150.jpg 150w, https:\/\/ishtc.formanet-tn.com\/wp-content\/uploads\/2021\/08\/Faysal-CHERIF-110x110.jpg 110w\" sizes=\"auto, (max-width: 230px) 100vw, 230px\" \/>                            <div class=\"overlay round-border tran4s\">\r\n                                                                <ul>\r\n                                                                            <li><a href=\"\/en\/?page_id=536\" class=\"tran3s round-border icon\"><i class=\"fa fa fa-envelope-o\" aria-hidden=\"true\"><\/i><\/a><\/li>\r\n                                                                    <\/ul>\r\n                                                            <\/div>\r\n                        <\/div> <!-- \/.img-holder -->\r\n                        <a href=\"\"><h6>Faysal Cherif<\/h6><\/a>\r\n                        <p><\/p>\r\n                    <\/div>\r\n                <\/div>\r\n                                <div class=\"item\">\r\n                    <div class=\"item-wrapper theme-bg-color tran3s hvr-float-shadow\">\r\n                        <div class=\"img-holder round-border\">\r\n                            <img loading=\"lazy\" decoding=\"async\" width=\"230\" height=\"230\" src=\"https:\/\/ishtc.formanet-tn.com\/wp-content\/uploads\/2021\/08\/fatma-jrad-230x230.jpg\" class=\"attachment-edutech_230x230 size-edutech_230x230 wp-post-image\" alt=\"\" srcset=\"https:\/\/ishtc.formanet-tn.com\/wp-content\/uploads\/2021\/08\/fatma-jrad-230x230.jpg 230w, https:\/\/ishtc.formanet-tn.com\/wp-content\/uploads\/2021\/08\/fatma-jrad-150x150.jpg 150w, https:\/\/ishtc.formanet-tn.com\/wp-content\/uploads\/2021\/08\/fatma-jrad-110x110.jpg 110w\" sizes=\"auto, (max-width: 230px) 100vw, 230px\" \/>                            <div class=\"overlay round-border tran4s\">\r\n                                                                <ul>\r\n                                                                            <li><a href=\"\/en\/?page_id=538\" class=\"tran3s round-border icon\"><i class=\"fa fa fa-envelope-o\" aria-hidden=\"true\"><\/i><\/a><\/li>\r\n                                                                    <\/ul>\r\n                                                            <\/div>\r\n                        <\/div> <!-- \/.img-holder -->\r\n                        <a href=\"\"><h6>FATMA Jrad<\/h6><\/a>\r\n                        <p><\/p>\r\n                    <\/div>\r\n                <\/div>\r\n                                <div class=\"item\">\r\n                    <div class=\"item-wrapper theme-bg-color tran3s hvr-float-shadow\">\r\n                        <div class=\"img-holder round-border\">\r\n                            <img loading=\"lazy\" decoding=\"async\" width=\"230\" height=\"230\" src=\"https:\/\/ishtc.formanet-tn.com\/wp-content\/uploads\/2021\/08\/MAROUANE-230x230.jpg\" class=\"attachment-edutech_230x230 size-edutech_230x230 wp-post-image\" alt=\"\" srcset=\"https:\/\/ishtc.formanet-tn.com\/wp-content\/uploads\/2021\/08\/MAROUANE-230x230.jpg 230w, https:\/\/ishtc.formanet-tn.com\/wp-content\/uploads\/2021\/08\/MAROUANE-150x150.jpg 150w, https:\/\/ishtc.formanet-tn.com\/wp-content\/uploads\/2021\/08\/MAROUANE-250x250.jpg 250w, https:\/\/ishtc.formanet-tn.com\/wp-content\/uploads\/2021\/08\/MAROUANE-182x182.jpg 182w, https:\/\/ishtc.formanet-tn.com\/wp-content\/uploads\/2021\/08\/MAROUANE-110x110.jpg 110w\" sizes=\"auto, (max-width: 230px) 100vw, 230px\" \/>                            <div class=\"overlay round-border tran4s\">\r\n                                                                <ul>\r\n                                                                            <li><a href=\"\/en\/?page_id=528\" class=\"tran3s round-border icon\"><i class=\"fa fa fa-envelope-o\" aria-hidden=\"true\"><\/i><\/a><\/li>\r\n                                                                    <\/ul>\r\n                                                            <\/div>\r\n                        <\/div> <!-- \/.img-holder -->\r\n                        <a href=\"\"><h6>Marouane LAJILI<\/h6><\/a>\r\n                        <p><\/p>\r\n                    <\/div>\r\n                <\/div>\r\n                                <div class=\"item\">\r\n                    <div class=\"item-wrapper theme-bg-color tran3s hvr-float-shadow\">\r\n                        <div class=\"img-holder round-border\">\r\n                            <img loading=\"lazy\" decoding=\"async\" width=\"230\" height=\"230\" src=\"https:\/\/ishtc.formanet-tn.com\/wp-content\/uploads\/2021\/08\/ali-ltaief-230x230.jpg\" class=\"attachment-edutech_230x230 size-edutech_230x230 wp-post-image\" alt=\"\" srcset=\"https:\/\/ishtc.formanet-tn.com\/wp-content\/uploads\/2021\/08\/ali-ltaief-230x230.jpg 230w, https:\/\/ishtc.formanet-tn.com\/wp-content\/uploads\/2021\/08\/ali-ltaief-150x150.jpg 150w, https:\/\/ishtc.formanet-tn.com\/wp-content\/uploads\/2021\/08\/ali-ltaief-110x110.jpg 110w\" sizes=\"auto, (max-width: 230px) 100vw, 230px\" \/>                            <div class=\"overlay round-border tran4s\">\r\n                                                                <ul>\r\n                                                                            <li><a href=\"\/en\/?page_id=543\" class=\"tran3s round-border icon\"><i class=\"fa\" aria-hidden=\"true\"><\/i><\/a><\/li>\r\n                                                                    <\/ul>\r\n                                                            <\/div>\r\n                        <\/div> <!-- \/.img-holder -->\r\n                        <a href=\"\"><h6>Ali Leta\u00efef<\/h6><\/a>\r\n                        <p><\/p>\r\n                    <\/div>\r\n                <\/div>\r\n                                <div class=\"item\">\r\n                    <div class=\"item-wrapper theme-bg-color tran3s hvr-float-shadow\">\r\n                        <div class=\"img-holder round-border\">\r\n                            <img loading=\"lazy\" decoding=\"async\" width=\"230\" height=\"230\" src=\"https:\/\/ishtc.formanet-tn.com\/wp-content\/uploads\/2021\/08\/Faouzi-Saadaoui-230x230.jpeg\" class=\"attachment-edutech_230x230 size-edutech_230x230 wp-post-image\" alt=\"\" srcset=\"https:\/\/ishtc.formanet-tn.com\/wp-content\/uploads\/2021\/08\/Faouzi-Saadaoui-230x230.jpeg 230w, https:\/\/ishtc.formanet-tn.com\/wp-content\/uploads\/2021\/08\/Faouzi-Saadaoui-150x150.jpeg 150w, https:\/\/ishtc.formanet-tn.com\/wp-content\/uploads\/2021\/08\/Faouzi-Saadaoui-110x110.jpeg 110w\" sizes=\"auto, (max-width: 230px) 100vw, 230px\" \/>                            <div class=\"overlay round-border tran4s\">\r\n                                                                <ul>\r\n                                                                            <li><a href=\"\/en\/?page_id=532\" class=\"tran3s round-border icon\"><i class=\"fa fa fa-envelope-o\" aria-hidden=\"true\"><\/i><\/a><\/li>\r\n                                                                    <\/ul>\r\n                                                            <\/div>\r\n                        <\/div> <!-- \/.img-holder -->\r\n                        <a href=\"\"><h6>Faouzi Saadaoui<\/h6><\/a>\r\n                        <p><\/p>\r\n                    <\/div>\r\n                <\/div>\r\n                                <div class=\"item\">\r\n                    <div class=\"item-wrapper theme-bg-color tran3s hvr-float-shadow\">\r\n                        <div class=\"img-holder round-border\">\r\n                            <img loading=\"lazy\" decoding=\"async\" width=\"216\" height=\"230\" src=\"https:\/\/ishtc.formanet-tn.com\/wp-content\/uploads\/2021\/08\/ali-taieb-216x230.jpg\" class=\"attachment-edutech_230x230 size-edutech_230x230 wp-post-image\" alt=\"\" \/>                            <div class=\"overlay round-border tran4s\">\r\n                                                                <ul>\r\n                                                                            <li><a href=\"\/en\/?page_id=540\" class=\"tran3s round-border icon\"><i class=\"fa fa fa-envelope-o\" aria-hidden=\"true\"><\/i><\/a><\/li>\r\n                                                                    <\/ul>\r\n                                                            <\/div>\r\n                        <\/div> <!-- \/.img-holder -->\r\n                        <a href=\"\"><h6>ALI Ta\u00efeb<\/h6><\/a>\r\n                        <p><\/p>\r\n                    <\/div>\r\n                <\/div>\r\n                                <div class=\"item\">\r\n                    <div class=\"item-wrapper theme-bg-color tran3s hvr-float-shadow\">\r\n                        <div class=\"img-holder round-border\">\r\n                            <img loading=\"lazy\" decoding=\"async\" width=\"230\" height=\"230\" src=\"https:\/\/ishtc.formanet-tn.com\/wp-content\/uploads\/2021\/08\/368451569_241569608690933_1429792110687549460_n-230x230.jpg\" class=\"attachment-edutech_230x230 size-edutech_230x230 wp-post-image\" alt=\"\" srcset=\"https:\/\/ishtc.formanet-tn.com\/wp-content\/uploads\/2021\/08\/368451569_241569608690933_1429792110687549460_n-230x230.jpg 230w, https:\/\/ishtc.formanet-tn.com\/wp-content\/uploads\/2021\/08\/368451569_241569608690933_1429792110687549460_n-150x150.jpg 150w, https:\/\/ishtc.formanet-tn.com\/wp-content\/uploads\/2021\/08\/368451569_241569608690933_1429792110687549460_n-250x250.jpg 250w, https:\/\/ishtc.formanet-tn.com\/wp-content\/uploads\/2021\/08\/368451569_241569608690933_1429792110687549460_n-182x182.jpg 182w, https:\/\/ishtc.formanet-tn.com\/wp-content\/uploads\/2021\/08\/368451569_241569608690933_1429792110687549460_n-110x110.jpg 110w\" sizes=\"auto, (max-width: 230px) 100vw, 230px\" \/>                            <div class=\"overlay round-border tran4s\">\r\n                                                                <ul>\r\n                                                                            <li><a href=\"\/en\/bilel-saoudi\/\" class=\"tran3s round-border icon\"><i class=\"fa\" aria-hidden=\"true\"><\/i><\/a><\/li>\r\n                                                                    <\/ul>\r\n                                                            <\/div>\r\n                        <\/div> <!-- \/.img-holder -->\r\n                        <a href=\"\"><h6>Bilel Saoudi<\/h6><\/a>\r\n                        <p><\/p>\r\n                    <\/div>\r\n                <\/div>\r\n                                \r\n            <\/div>\r\n        <\/div> <!-- \/.row -->\r\n    <\/div> <!-- \/.container -->\r\n<\/div>\r\n\r\n<\/div><\/div><\/div><\/div>","protected":false},"excerpt":{"rendered":"","protected":false},"author":1,"featured_media":0,"parent":0,"menu_order":0,"comment_status":"closed","ping_status":"closed","template":"tpl-visual_composer.php","meta":{"footnotes":""},"class_list":["post-751","page","type-page","status-publish","hentry"],"_links":{"self":[{"href":"https:\/\/ishtc.formanet-tn.com\/en\/wp-json\/wp\/v2\/pages\/751","targetHints":{"allow":["GET"]}}],"collection":[{"href":"https:\/\/ishtc.formanet-tn.com\/en\/wp-json\/wp\/v2\/pages"}],"about":[{"href":"https:\/\/ishtc.formanet-tn.com\/en\/wp-json\/wp\/v2\/types\/page"}],"author":[{"embeddable":true,"href":"https:\/\/ishtc.formanet-tn.com\/en\/wp-json\/wp\/v2\/users\/1"}],"replies":[{"embeddable":true,"href":"https:\/\/ishtc.formanet-tn.com\/en\/wp-json\/wp\/v2\/comments?post=751"}],"version-history":[{"count":14,"href":"https:\/\/ishtc.formanet-tn.com\/en\/wp-json\/wp\/v2\/pages\/751\/revisions"}],"predecessor-version":[{"id":1355,"href":"https:\/\/ishtc.formanet-tn.com\/en\/wp-json\/wp\/v2\/pages\/751\/revisions\/1355"}],"wp:attachment":[{"href":"https:\/\/ishtc.formanet-tn.com\/en\/wp-json\/wp\/v2\/media?parent=751"}],"curies":[{"name":"wp","href":"https:\/\/api.w.org\/{rel}","templated":true}]}}