{"id":331,"date":"2021-08-24T23:07:34","date_gmt":"2021-08-24T21:07:34","guid":{"rendered":"http:\/\/127.0.0.1:8080\/ISHTC\/?page_id=331"},"modified":"2021-11-10T17:58:56","modified_gmt":"2021-11-10T16:58:56","slug":"unite-dhistoire-orale-et-de-documentation-audio-visuelle","status":"publish","type":"page","link":"https:\/\/ishtc.formanet-tn.com\/en\/unite-dhistoire-orale-et-de-documentation-audio-visuelle\/","title":{"rendered":"Unit\u00e9 d&rsquo;histoire orale et de documentation audio visuelle"},"content":{"rendered":"<div class=\"vc_row wpb_row vc_row-fluid\"><\/div><div class=\"vc_row wpb_row vc_row-fluid\"><\/div><div class=\"vc_row wpb_row vc_row-fluid\"><div class=\"wpb_column vc_column_container vc_col-sm-12\"><div class=\"vc_column-inner\"><div class=\"wpb_wrapper\">\t\t<ul class=\"mega-info-list\" style=\"list-style-type: none; height: 100%;\">\r\n\t\t\t<div class=\"vc_info_list_outer\">\r\n\t\t\t\t\t\t    \t\r\n\t\t    \t<li class=\"vc_info_list\" style=\"padding-bottom: 30px;border-left: 1px dotted #000;margin-left: 40px;float: none;margin-bottom: 2px\">\r\n\t\t\t      \t<div class=\"media\">\r\n\t\t\t\t\t  <div class=\"media-left info-list-img\" style=\"margin-left: -40px;padding-right: 20px;float: left\">\r\n\t\t\t\t\t    \t\t\t\t        \t\t\t\t        <div style=\"border: 0px solid;border-radius: 50%;background: #fff\">\r\n\t\t\t\t\t        <span style=\"width: 80px;height: 80px;border-radius: 50%;text-align: center\">\r\n\t\t\t\t\t\t    \t<span style=\"vertical-align: middle !important\">\r\n\t\t\t\t\t\t        \r\n\t\t\t\t\t\t        \t<i class=\"fas fa-tag\" aria-hidden=\"true\" style=\"font-size: 30px;color: #b28d6f\"><\/i>\r\n\t\t\t\t\t       \t \t\r\n\t\t\t\t\t       \t \t<\/span>\r\n\t\t\t\t\t\t  \t<\/span>\r\n\t\t\t\t\t\t<\/div>\r\n\t\t\t\t\t\t\t\t\t\t\t  <\/div>\r\n\t\t\t\t  \t  <div class=\"media-body\">\r\n\t\t\t\t    \t<h2 style=\"font-size: 18px;color: #000000;font-style: default;line-height:\">\r\n\t\t\t\t    \t\tCette unit\u00e9 s&#039;occupe de recueillir des t\u00e9moignages oraux.\t\t\t\t    \t<\/h2>\r\n\t\t\t\t    \t\t<p>Elle s\u2019est engag\u00e9e depuis 1991 dans un programme de sauvegarde et de pr\u00e9servation de la m\u00e9moire nationale. Elle se propose de susciter, recueillir et enregistrer par le son et par l\u2019image les t\u00e9moignages qui permettent de restituer les traits g\u00e9n\u00e9raux et les particularit\u00e9s de l\u2019\u00e9poque contemporaine en g\u00e9n\u00e9ral et du mouvement national tunisien en particulier.<\/p>\n\t\t\t\t  \t\t<\/div>\r\n\t\t\t\t\t<\/div>\r\n\t\t    \t<\/li>\r\n\t\t\t\r\n\t\t\t\t\r\n\t\t<\/div>\r\n\r\n\t\t\t\t<div class=\"vc_info_list_outer\">\r\n\t\t\t\t\t\t    \t\r\n\t\t    \t<li class=\"vc_info_list\" style=\"padding-bottom: 30px;border-left: 1px dotted #000;margin-left: 40px;float: none;margin-bottom: 2px\">\r\n\t\t\t      \t<div class=\"media\">\r\n\t\t\t\t\t  <div class=\"media-left info-list-img\" style=\"margin-left: -40px;padding-right: 20px;float: left\">\r\n\t\t\t\t\t    \t\t\t\t        \t\t\t\t        <div style=\"border: 0px solid;border-radius: 50%;background: #fff\">\r\n\t\t\t\t\t        <span style=\"width: 80px;height: 80px;border-radius: 50%;text-align: center\">\r\n\t\t\t\t\t\t    \t<span style=\"vertical-align: middle !important\">\r\n\t\t\t\t\t\t        \r\n\t\t\t\t\t\t        \t<i class=\"fas fa-tag\" aria-hidden=\"true\" style=\"font-size: 30px;color: #b28d6f\"><\/i>\r\n\t\t\t\t\t       \t \t\r\n\t\t\t\t\t       \t \t<\/span>\r\n\t\t\t\t\t\t  \t<\/span>\r\n\t\t\t\t\t\t<\/div>\r\n\t\t\t\t\t\t\t\t\t\t\t  <\/div>\r\n\t\t\t\t  \t  <div class=\"media-body\">\r\n\t\t\t\t    \t<h2 style=\"font-size: 18px;color: #000000;font-style: default;line-height:\">\r\n\t\t\t\t    \t\t\t\t\t\t    \t<\/h2>\r\n\t\t\t\t    \t\t<p>Cette collecte de t\u00e9moignages et de r\u00e9cits de vie des acteurs encore en vie a d\u00e9bouch\u00e9 sur la constitution d\u2019un fonds sonore et en image qui compte aujourd\u2019hui\u00a0350 enregistrements, index\u00e9s et conserv\u00e9s dans la biblioth\u00e8que de l\u2019institut dans des armoires ignifuges.<\/p>\n\t\t\t\t  \t\t<\/div>\r\n\t\t\t\t\t<\/div>\r\n\t\t    \t<\/li>\r\n\t\t\t\r\n\t\t\t\t\r\n\t\t<\/div>\r\n\r\n\t\t\t\t<div class=\"vc_info_list_outer\">\r\n\t\t\t\t\t\t    \t\r\n\t\t    \t<li class=\"vc_info_list\" style=\"padding-bottom: 30px;border-left: 1px dotted #000;margin-left: 40px;float: none;margin-bottom: 2px\">\r\n\t\t\t      \t<div class=\"media\">\r\n\t\t\t\t\t  <div class=\"media-left info-list-img\" style=\"margin-left: -40px;padding-right: 20px;float: left\">\r\n\t\t\t\t\t    \t\t\t\t        \t\t\t\t        <div style=\"border: 0px solid;border-radius: 50%;background: #fff\">\r\n\t\t\t\t\t        <span style=\"width: 80px;height: 80px;border-radius: 50%;text-align: center\">\r\n\t\t\t\t\t\t    \t<span style=\"vertical-align: middle !important\">\r\n\t\t\t\t\t\t        \r\n\t\t\t\t\t\t        \t<i class=\"fas fa-tag\" aria-hidden=\"true\" style=\"font-size: 30px;color: #b28d6f\"><\/i>\r\n\t\t\t\t\t       \t \t\r\n\t\t\t\t\t       \t \t<\/span>\r\n\t\t\t\t\t\t  \t<\/span>\r\n\t\t\t\t\t\t<\/div>\r\n\t\t\t\t\t\t\t\t\t\t\t  <\/div>\r\n\t\t\t\t  \t  <div class=\"media-body\">\r\n\t\t\t\t    \t<h2 style=\"font-size: 18px;color: #000000;font-style: default;line-height:\">\r\n\t\t\t\t    \t\t\t\t\t\t    \t<\/h2>\r\n\t\t\t\t    \t\t<p>Les enregistrements sont effectu\u00e9s soit dans des locaux de l\u2019Institut ou dans un lieu choisi par les t\u00e9moins. L\u2019institut donne acc\u00e8s \u00e0 ces enregistrements \u00e0 tous les chercheurs,\u00a0 selon les conditions fix\u00e9es par le t\u00e9moin.<\/p>\n\t\t\t\t  \t\t<\/div>\r\n\t\t\t\t\t<\/div>\r\n\t\t    \t<\/li>\r\n\t\t\t\r\n\t\t\t\t\r\n\t\t<\/div>\r\n\r\n\t\t\t\t<div class=\"vc_info_list_outer\">\r\n\t\t\t\t\t\t    \t\r\n\t\t    \t<li class=\"vc_info_list\" style=\"padding-bottom: 30px;border-left: 1px dotted #000;margin-left: 40px;float: none;margin-bottom: 2px\">\r\n\t\t\t      \t<div class=\"media\">\r\n\t\t\t\t\t  <div class=\"media-left info-list-img\" style=\"margin-left: -40px;padding-right: 20px;float: left\">\r\n\t\t\t\t\t    \t\t\t\t        \t\t\t\t        <div style=\"border: 0px solid;border-radius: 50%;background: #fff\">\r\n\t\t\t\t\t        <span style=\"width: 80px;height: 80px;border-radius: 50%;text-align: center\">\r\n\t\t\t\t\t\t    \t<span style=\"vertical-align: middle !important\">\r\n\t\t\t\t\t\t        \r\n\t\t\t\t\t\t        \t<i class=\"fas fa-tag\" aria-hidden=\"true\" style=\"font-size: 30px;color: #b28d6f\"><\/i>\r\n\t\t\t\t\t       \t \t\r\n\t\t\t\t\t       \t \t<\/span>\r\n\t\t\t\t\t\t  \t<\/span>\r\n\t\t\t\t\t\t<\/div>\r\n\t\t\t\t\t\t\t\t\t\t\t  <\/div>\r\n\t\t\t\t  \t  <div class=\"media-body\">\r\n\t\t\t\t    \t<h2 style=\"font-size: 18px;color: #000000;font-style: default;line-height:\">\r\n\t\t\t\t    \t\t\t\t\t\t    \t<\/h2>\r\n\t\t\t\t    \t\t<p>Outre cette activit\u00e9, l\u2019unit\u00e9 proc\u00e8de \u00e0 l\u2019enregistrement\u00a0 des s\u00e9minaires, des conf\u00e9rences et des colloques que l\u2019institut organise. L\u2019unit\u00e9 entend \u00e9tablir des relations d\u2019\u00e9change de documentation et d\u2019exp\u00e9rience\u00a0avec les \u00e9tablissements et groupes de recherche qui travaillent ou s\u2019int\u00e9ressent \u00e0 l\u2019histoire orale et \u00e0 la documentation audiovisuelle.<\/p>\n\t\t\t\t  \t\t<\/div>\r\n\t\t\t\t\t<\/div>\r\n\t\t    \t<\/li>\r\n\t\t\t\r\n\t\t\t\t\r\n\t\t<\/div>\n\t\t<\/ul>\r\n\r\n\t\t<\/div><\/div><\/div><\/div>","protected":false},"excerpt":{"rendered":"Cette unit\u00e9 s&#039;occupe de recueillir des t\u00e9moignages oraux. Elle s\u2019est engag\u00e9e depuis 1991 dans un programme de sauvegarde et de pr\u00e9servation de la m\u00e9moire nationale. Elle se propose de susciter, recueillir et enregistrer par le son et par l\u2019image les t\u00e9moignages qui permettent de restituer les traits g\u00e9n\u00e9raux et les particularit\u00e9s de l\u2019\u00e9poque contemporaine en","protected":false},"author":1,"featured_media":0,"parent":0,"menu_order":0,"comment_status":"closed","ping_status":"open","template":"","meta":{"footnotes":""},"class_list":["post-331","page","type-page","status-publish","hentry"],"_links":{"self":[{"href":"https:\/\/ishtc.formanet-tn.com\/en\/wp-json\/wp\/v2\/pages\/331","targetHints":{"allow":["GET"]}}],"collection":[{"href":"https:\/\/ishtc.formanet-tn.com\/en\/wp-json\/wp\/v2\/pages"}],"about":[{"href":"https:\/\/ishtc.formanet-tn.com\/en\/wp-json\/wp\/v2\/types\/page"}],"author":[{"embeddable":true,"href":"https:\/\/ishtc.formanet-tn.com\/en\/wp-json\/wp\/v2\/users\/1"}],"replies":[{"embeddable":true,"href":"https:\/\/ishtc.formanet-tn.com\/en\/wp-json\/wp\/v2\/comments?post=331"}],"version-history":[{"count":7,"href":"https:\/\/ishtc.formanet-tn.com\/en\/wp-json\/wp\/v2\/pages\/331\/revisions"}],"predecessor-version":[{"id":1617,"href":"https:\/\/ishtc.formanet-tn.com\/en\/wp-json\/wp\/v2\/pages\/331\/revisions\/1617"}],"wp:attachment":[{"href":"https:\/\/ishtc.formanet-tn.com\/en\/wp-json\/wp\/v2\/media?parent=331"}],"curies":[{"name":"wp","href":"https:\/\/api.w.org\/{rel}","templated":true}]}}